{"id":2469,"date":"2014-11-27T15:59:06","date_gmt":"2014-11-27T15:59:06","guid":{"rendered":"http:\/\/www.mein-tagwerk.de\/tagwerk\/?page_id=2469"},"modified":"2020-05-24T17:56:53","modified_gmt":"2020-05-24T15:56:53","slug":"datenschutz","status":"publish","type":"page","link":"https:\/\/www.mein-tagwerk.de\/tagwerk\/ueber-uns\/datenschutz\/","title":{"rendered":"Datenschutz"},"content":{"rendered":"<h4>Liebe Tagwerker,<\/h4>\n<h6><\/h6>\n<h6>Uns ist Datenschutz ein pers\u00f6nliches Anliegen. Wir m\u00f6chten, da\u00df Sie sich auf www.tagwerk.com sicher und wohl f\u00fchlen. Deshalb haben wir folgende Datenschutzrichtlinien f\u00fcr den Umgang der tagwerk IT und Media GmbH mit Ihren Daten entwickelt.<\/h6>\n<div id=\"attachment_4932\" style=\"width: 183px\" class=\"wp-caption alignleft\"><img loading=\"lazy\" decoding=\"async\" aria-describedby=\"caption-attachment-4932\" class=\" wp-image-4932\" src=\"https:\/\/www.mein-tagwerk.de\/tagwerk\/wp-content\/uploads\/2020\/05\/PeterFelst.png\" alt=\"Peter Felst\" width=\"173\" height=\"223\" \/><p id=\"caption-attachment-4932\" class=\"wp-caption-text\">Rechtsanwalt Peter Christian Felst<\/p><\/div>\n<h4><b>UNSER DATENSCHUTZBEAUFTRAGTER <\/b><\/h4>\n<h6><b>Peter Christian Felst (Rechtsanwalt, Bankkaufmann) <\/b> ist seit 1999 als Rechtsanwalt t\u00e4tig. Seine T\u00e4tigkeitsschwerpunkte liegen neben der gesellschaftsrechtlichen Gestaltungs- und der Transaktionsberatung in der Durchf\u00fchrung von Sonderpr\u00fcfungen bei mittelgro\u00dfen und gro\u00dfen Kapitalgesellschaften in den Branchen Versicherungen und Finanzdienstleistungsunternehmen, Internet-Dienstleistungsunternehmen und Bauwesen. Er ist dar\u00fcber hinaus auf die aufsichtsrechtliche Beratung der Mandanten spezialisiert, die der Finanzdienstleistungsaufsicht unterliegen.<\/h6>\n<h6>Herr Felst ist T\u00dcV-zertifizierter Datenschutzbeauftragter und in dieser Funktion \u2013 als externer Datenschutzbeauftragter \u2013 bei diversen Mandanten bestellt. Dar\u00fcber hinaus ist er im Bereich der Durchf\u00fchrung von Datenschutz-Audits t\u00e4tig.<\/h6>\n<h4><b>Nutzungsdaten<\/b><\/h4>\n<h6>Der Schutz Ihrer Privatsph\u00e4re ist uns sehr wichtig. Daher haben wir unser Internet-Angebot grunds\u00e4tzlich so gestaltet, dass dessen Nutzung anonym erfolgen kann. Wir verwenden Informationen, die wir w\u00e4hrend Ihres Besuches unserer Webseiten erhalten und speichern, ausschlie\u00dflich f\u00fcr gesch\u00e4ftsinterne Zwecke und zur Verbesserung der Gestaltung der Webseiten. Hierf\u00fcr verwenden wir das webtracking von <a href=\"http:\/\/www.etracker.com\/de\/datenschutz.html\" target=\"new\" rel=\"noopener noreferrer\">etracker<\/a> in Hamburg. Dies ist so konfiguriert, dass ausschlie\u00dflich anonymisierte Daten erfasst werden (Von Ihrer IP werden nur die ersten beiden Werte gespeichert, ein Identifizierung von Ihnen ist dadurch nicht m\u00f6glich). Ferner stellen wir bei den verlinkten Webseiten von Fremdanbietern, anhand derer statistische Daten gesammelt werden, ebenfalls sicher, dass diese nur Daten in anonymisierter Form erhalten.<\/h6>\n<h6><b>Einzige Ausnahme:<\/b> Beim Anmeldeproze\u00df speichern wir Datum und IP des Anwenders f\u00fcr eine Woche. Wir sammeln diese Daten nur, um die Anwendung vor Hackerangriffen zu sch\u00fctzen.<\/h6>\n<h6>Sobald Sie angemeldet sind und sich im Anwendungsbereich befinden, verzichten wir auf den Einsatz von etracker.<\/h6>\n<h6>Tagwerk selber erfa\u00dft keine Logfiles \u00fcber das Nutzungsverhalten von Anwendern. Daten \u00fcber Personen oder ihr Individualverhalten werden nicht gesammelt, es sei denn dies ist zur Abwehr gegen Angriffe auf unseren Webserver oder zur Verfolgung von Straftaten erforderlich.<\/h6>\n<h4><b>Cookies<\/b><\/h4>\n<h6>Zur besseren Benutzerf\u00fchrung setzen wir Cookies ein. Das sind kryptische Nummern, mit denen die Verbindung zu unseren Websites w\u00e4hrend der Sitzung gesteuert wird. Sie k\u00f6nnen Ihren Browser so einstellen, dass er Sie \u00fcber die Platzierung von Cookies informiert. So wird der Gebrauch f\u00fcr Sie transparent. Bitte beachten Sie, dass die Nutzung einiger Funktionen auf unseren Webseiten nicht m\u00f6glich ist, wenn Sie Cookies nicht zulassen oder vorzeitig l\u00f6schen. Von unserer Anwendung werden im Moment zwei Cookies gesetzt, die nur w\u00e4hrend des Besuchs der Seite g\u00fcltig sind. \u00dcber die Cookies von Fremdanbietern erfahren Sie in Abschnitt Fremdcode.<\/h6>\n<h4><b>Fremdcode<\/b><\/h4>\n<h6>Unsere Webseite l\u00e4dt Code von folgenden Seiten nach:<\/h6>\n<h6><a href=\"http:\/\/www.etracker.com\/de.html\" target=\"new\" rel=\"noopener noreferrer\">etracker<\/a> \u2013 f\u00fcr die Erfassung von Statistiken (nur auf den \u00f6ffentlichen Seiten \u2013 wird nicht verwendet, wenn Sie sich im angemeldeten Bereich befinden). Etracker setzt keinen cookie.<\/h6>\n<h6><a href=\"http:\/\/www.addthis.com\" target=\"new\" rel=\"noopener noreferrer\"> addthis <\/a> \u2013 f\u00fcr den Empfehlungsbutton im Fu\u00df der Seite (auch nur auf den \u00f6ffentlichen Seiten). F\u00fcr Empfehlungen werden Sie direkt auf die Seiten der entsprechenden Anbieter weiter geleitet. Es wird kein weiterer Code nachgeladen. AddThis ist so konfiguriert, dass die AddThis cookies nicht von der Seite geladen werden.<\/h6>\n<h6><a href=\"http:\/\/www.comodo.com\" target=\"new\" rel=\"noopener noreferrer\">comodo<\/a> \u2013 f\u00fcr die Sicherheitsinformationen \u00fcber unsere SSL Verschl\u00fcsselung.<\/h6>\n<h6><a href=\"http:\/\/www.tagwerkblog.net\" target=\"new\" rel=\"noopener noreferrer\">tagwerkblog<\/a> \u2013 unser Blog der auf wordpress.com betrieben wird.<\/h6>\n<h6><a href=\"http:\/\/www.uservoice.com\" target=\"new\" rel=\"noopener noreferrer\">uservoice<\/a> \u2013 dies ist der Feedback Button im Anwenderbereich.<\/h6>\n<h4><b>Kontaktaufnahme<\/b><\/h4>\n<h6>Angaben, die Sie uns im Rahmen des Online-Kontaktformulars oder der allgemeinen elektronischen Kontaktaufnahme \u00fcberlassen, verwenden wir ausschlie\u00dflich zur Bearbeitung Ihrer Anfrage.<\/h6>\n<h4><b>Stundensatzrechner<\/b><\/h4>\n<h6>Die Daten die sie im Stundensatzrechner eingeben, werden ausschlie\u00dflich f\u00fcr die damit verbundene Berechnung genutzt. Nach dem Verlassen der Seite werden die Daten automatisch gel\u00f6scht.<\/h6>\n<h4><b>Registrierung unter tagwerk.com<\/b><\/h4>\n<h6>F\u00fcr die Nutzung der Funktionen von tagwerk corporate ist zun\u00e4chst eine Registrierung erforderlich. Hierbei erfassen wir Ihren Namen, einen Kontonamen \u00fcber den Sie ihre Gesch\u00e4fte abwickeln und eine E-Mailadresse, die auch eine Firmen-E-Mail-Adresse sein kann. Ferner erfassen wir einen ggf. vorhandenen Gutscheincode sowie das von Ihnen zu w\u00e4hlende Passwort. Diese Angaben dienen ausschlie\u00dflich der Identifizierung und Nutzerkennung f\u00fcr Ihren Account sowie der Bereitstellung der vereinbarten Leistungen. Ihre Daten werden nicht an Dritte weitergegeben.<\/h6>\n<h4><b>Nutzung des Accounts tagwerk corporate<\/b><\/h4>\n<h6>Bitte beachten Sie, dass wir Daten, die Sie im Zuge der Nutzung von Funktionen in Ihrem Account hochladen, einstellen oder bearbeiten, im Auftrag f\u00fcr Sie verarbeiten. F\u00fcr die Einhaltung rechtlicher Bestimmungen bleiben Sie als Auftraggeber verantwortlich. Sofern es sich um personenbezogene Daten handelt, gelten die Bestimmungen des Datenschutzes, etwa des \u00a7 11 Bundesdatenschutzgesetz. Wir tun unser Bestes, um Sie dabei zu unterst\u00fctzen und haben die weiter unten angegeben technischen und organisatorischen Ma\u00dfnahmen zum Datenschutz und zur Datensicherheit getroffen.<\/h6>\n<h4><b>Newsletter<\/b><\/h4>\n<h6>Unser kostenloser Newsletter wird Ihnen nur zugesandt, wenn Sie diesen mit dem vorgesehenen Formular bestellen. Wenn Sie zuk\u00fcnftig keinen Newsletter mehr erhalten m\u00f6chten, k\u00f6nnen Sie diesen jederzeit \u00fcber den in jedem Newsletter am Ende eingef\u00fcgten Link abbestellen. Auch weitere Informationen \u00fcber unsere Angebote erhalten Sie \u2013 jederzeit widerruflich \u2013 nur dann auf elektronischem Wege, wenn Sie diese Option ausdr\u00fccklich anklicken.<\/h6>\n<h4><b>Weiterleitung auf andere Webseiten<\/b><\/h4>\n<h6>Tagwerk ist werbefrei. Auf unseren Webseiten www.tagwerk.com finden Sie auch Links zu Partnern oder interessanten Angeboten. Wenn Sie per Klick auf andere Webseiten weitergeleitet werden, erkennen Sie dies daran, dass sich ein neues Browserfenster \u00f6ffnet und sich die Adresszeile \u00e4ndert. Obwohl wir diese Verlinkungen sorgf\u00e4ltig aussuchen und regelm\u00e4\u00dfig kontrollieren, kann \u00fcber die dortige Erfassung und Verarbeitung von personenbezogenen Daten sowie die Rechtm\u00e4\u00dfigkeit von Inhalten keine Aussage getroffen werden. Bitte lesen Sie hierzu die dortigen Datenschutzerkl\u00e4rungen oder befragen Sie den jeweiligen Anbieter der Webseite.<\/h6>\n<h4><b>Datensicherheit<\/b><\/h4>\n<h6><a id=\"comodoTL\" href=\"http:\/\/www.instantssl.com\">Certificate<\/a> <a><img decoding=\"async\" src=\"https:\/\/www.mein-tagwerk.de\/images\/content\/cot_trans.gif\" rel='prettyPhoto' alt=\"\" border=\"0\" \/><\/a><\/h6>\n<h6>Alle Seiten von tagwerk.com (die Hauptseite sowie Ihre Adresse auf Ihren Anwendungsbereich) werden ausschlie\u00dflich \u00fcber SSL verschl\u00fcsselt ausgeliefert. Wir verwenden ein Zertifikat, das sowohl die Echtheit unserer Website wie auch unser Identit\u00e4t als Betreiber der Webseite verifiziert.<\/h6>\n<h6>Wir treffen angemessene technische und organisatorische Ma\u00dfnahmen, um den Schutz Ihrer Daten optimal gew\u00e4hrleisten zu k\u00f6nnen. Unsere Mitarbeiter sind auf die Einhaltung des Datenschutzes verpflichtet.<\/h6>\n<h6>Daten, die Sie an uns \u00fcbertragen, werden in unserem abgesicherten Rechenzentrum in Deutschland \/ Baden-Airpark unter Beachtung der Vorgaben der \u00a7\u00a7 9 und 11 Bundesdatenschutzgesetz verarbeitet und gesichert. Die Daten werden nicht an Dritte weitergegeben noch werden Backups au\u00dferhalb eines Rechenzentrums gelagert. Die Anwendung l\u00e4uft auf eigenen Server. Soweit wir in einigen Bereichen f\u00fcr die Wartung und Pflege von IT-Systemen externe Dienstleister einsetzen, sind diese sorgf\u00e4ltig ausgew\u00e4hlt, auf den Datenschutz verpflichtet und werden regelm\u00e4\u00dfig von uns kontrolliert. Sie k\u00f6nnen den Schutz Ihrer Daten erh\u00f6hen, indem Sie ein Passwort w\u00e4hlen, welches mindestens 6 Zeichen, darunter Buchstaben, Ziffern und Sonderzeichen, verwenden und dieses nicht an Unberechtigte weitergeben.<\/h6>\n<h4><b>Ausk\u00fcnfte, Anregungen und Kritik zum Datenschutz<\/b><\/h4>\n<h6>Sollten Sie feststellen, dass die \u00fcber Sie bei uns gespeicherten Daten unrichtig sind, k\u00f6nnen \u2013 und sollten \u2013 Sie diese selbst\u00e4ndig in Ihrem Account auf www.tagwerk.com korrigieren. Dazu m\u00fcssen Sie sich mit Ihrem Benutzernamen und Ihrem Passwort einloggen. Zus\u00e4tzlich k\u00f6nnen Sie sich in einem solchen Fall auch mit uns in Verbindung setzen, z.B. per Post an tagwerk IT und Media GmbH \/ Stresemannstra\u00dfe 110 \/ 22769 Hamburg oder per E-Mail unter <a href=\"mailto:info@tagwerk.com\">info@tagwerk.com<\/a>.<\/h6>\n<h6>Sollten Sie dar\u00fcber hinaus Fragen oder Anmerkungen zum Datenschutz bei uns haben oder Auskunft \u00fcber die Sie betreffenden Informationen w\u00fcnschen, k\u00f6nnen Sie sich ebenfalls gerne mit uns in Verbindung setzen.<\/h6>\n<h6><span class=\"block-wrap\"><a class=\"blogmore\" href=\"\/tagwerk\/campus\/anmelden\/\">Jetzt starten<\/a><\/span><\/h6>\n","protected":false},"excerpt":{"rendered":"<p>Liebe Tagwerker, Uns ist Datenschutz ein pers\u00f6nliches Anliegen. Wir m\u00f6chten, da\u00df Sie sich auf www.tagwerk.com sicher und wohl f\u00fchlen. Deshalb haben wir folgende Datenschutzrichtlinien f\u00fcr den Umgang der tagwerk IT und Media GmbH mit Ihren Daten entwickelt. UNSER DATENSCHUTZBEAUFTRAGTER Peter Christian Felst (Rechtsanwalt, Bankkaufmann) ist seit 1999 als Rechtsanwalt t\u00e4tig. Seine T\u00e4tigkeitsschwerpunkte liegen neben der [&#038;hellip<\/p>\n","protected":false},"author":2,"featured_media":0,"parent":2577,"menu_order":3,"comment_status":"closed","ping_status":"closed","template":"template-fullwidth.php","meta":{"footnotes":""},"yoast_head":"<!-- This site is optimized with the Yoast SEO plugin v20.4 - https:\/\/yoast.com\/wordpress\/plugins\/seo\/ -->\n<title>Datenschutz | meintagwerk<\/title>\n<meta name=\"robots\" content=\"index, follow, max-snippet:-1, max-image-preview:large, max-video-preview:-1\" \/>\n<link rel=\"canonical\" href=\"https:\/\/www.mein-tagwerk.de\/tagwerk\/ueber-uns\/datenschutz\/\" \/>\n<meta property=\"og:locale\" content=\"de_DE\" \/>\n<meta property=\"og:type\" content=\"article\" \/>\n<meta property=\"og:title\" content=\"Datenschutz | meintagwerk\" \/>\n<meta property=\"og:description\" content=\"Liebe Tagwerker, Uns ist Datenschutz ein pers\u00f6nliches Anliegen. Wir m\u00f6chten, da\u00df Sie sich auf www.tagwerk.com sicher und wohl f\u00fchlen. Deshalb haben wir folgende Datenschutzrichtlinien f\u00fcr den Umgang der tagwerk IT und Media GmbH mit Ihren Daten entwickelt. UNSER DATENSCHUTZBEAUFTRAGTER Peter Christian Felst (Rechtsanwalt, Bankkaufmann) ist seit 1999 als Rechtsanwalt t\u00e4tig. Seine T\u00e4tigkeitsschwerpunkte liegen neben der [&amp;hellip\" \/>\n<meta property=\"og:url\" content=\"https:\/\/www.mein-tagwerk.de\/tagwerk\/ueber-uns\/datenschutz\/\" \/>\n<meta property=\"og:site_name\" content=\"meintagwerk\" \/>\n<meta property=\"article:modified_time\" content=\"2020-05-24T15:56:53+00:00\" \/>\n<meta property=\"og:image\" content=\"https:\/\/www.mein-tagwerk.de\/tagwerk\/wp-content\/uploads\/2020\/05\/PeterFelst.png\" \/>\n<meta name=\"twitter:card\" content=\"summary_large_image\" \/>\n<meta name=\"twitter:label1\" content=\"Gesch\u00e4tzte Lesezeit\" \/>\n\t<meta name=\"twitter:data1\" content=\"6\u00a0Minuten\" \/>\n<script type=\"application\/ld+json\" class=\"yoast-schema-graph\">{\"@context\":\"https:\/\/schema.org\",\"@graph\":[{\"@type\":\"WebPage\",\"@id\":\"https:\/\/www.mein-tagwerk.de\/tagwerk\/ueber-uns\/datenschutz\/\",\"url\":\"https:\/\/www.mein-tagwerk.de\/tagwerk\/ueber-uns\/datenschutz\/\",\"name\":\"Datenschutz | meintagwerk\",\"isPartOf\":{\"@id\":\"https:\/\/www.mein-tagwerk.de\/tagwerk\/#website\"},\"datePublished\":\"2014-11-27T15:59:06+00:00\",\"dateModified\":\"2020-05-24T15:56:53+00:00\",\"breadcrumb\":{\"@id\":\"https:\/\/www.mein-tagwerk.de\/tagwerk\/ueber-uns\/datenschutz\/#breadcrumb\"},\"inLanguage\":\"de\",\"potentialAction\":[{\"@type\":\"ReadAction\",\"target\":[\"https:\/\/www.mein-tagwerk.de\/tagwerk\/ueber-uns\/datenschutz\/\"]}]},{\"@type\":\"BreadcrumbList\",\"@id\":\"https:\/\/www.mein-tagwerk.de\/tagwerk\/ueber-uns\/datenschutz\/#breadcrumb\",\"itemListElement\":[{\"@type\":\"ListItem\",\"position\":1,\"name\":\"Home\",\"item\":\"https:\/\/www.mein-tagwerk.de\/tagwerk\/\"},{\"@type\":\"ListItem\",\"position\":2,\"name\":\"\u00dcber uns\",\"item\":\"https:\/\/www.mein-tagwerk.de\/tagwerk\/ueber-uns\/\"},{\"@type\":\"ListItem\",\"position\":3,\"name\":\"Datenschutz\"}]},{\"@type\":\"WebSite\",\"@id\":\"https:\/\/www.mein-tagwerk.de\/tagwerk\/#website\",\"url\":\"https:\/\/www.mein-tagwerk.de\/tagwerk\/\",\"name\":\"meintagwerk\",\"description\":\"Online Buchhaltung f\u00fcr Freiberufler, Freelancer und Selbst\u00e4ndige\",\"publisher\":{\"@id\":\"https:\/\/www.mein-tagwerk.de\/tagwerk\/#organization\"},\"potentialAction\":[{\"@type\":\"SearchAction\",\"target\":{\"@type\":\"EntryPoint\",\"urlTemplate\":\"https:\/\/www.mein-tagwerk.de\/tagwerk\/?s={search_term_string}\"},\"query-input\":\"required name=search_term_string\"}],\"inLanguage\":\"de\"},{\"@type\":\"Organization\",\"@id\":\"https:\/\/www.mein-tagwerk.de\/tagwerk\/#organization\",\"name\":\"tagwerk\",\"url\":\"https:\/\/www.mein-tagwerk.de\/tagwerk\/\",\"logo\":{\"@type\":\"ImageObject\",\"inLanguage\":\"de\",\"@id\":\"https:\/\/www.mein-tagwerk.de\/tagwerk\/#\/schema\/logo\/image\/\",\"url\":\"https:\/\/www.mein-tagwerk.de\/tagwerk\/wp-content\/uploads\/2013\/08\/130611_logo-tagwerk-corporate.png\",\"contentUrl\":\"https:\/\/www.mein-tagwerk.de\/tagwerk\/wp-content\/uploads\/2013\/08\/130611_logo-tagwerk-corporate.png\",\"width\":328,\"height\":140,\"caption\":\"tagwerk\"},\"image\":{\"@id\":\"https:\/\/www.mein-tagwerk.de\/tagwerk\/#\/schema\/logo\/image\/\"}}]}<\/script>\n<!-- \/ Yoast SEO plugin. -->","yoast_head_json":{"title":"Datenschutz | meintagwerk","robots":{"index":"index","follow":"follow","max-snippet":"max-snippet:-1","max-image-preview":"max-image-preview:large","max-video-preview":"max-video-preview:-1"},"canonical":"https:\/\/www.mein-tagwerk.de\/tagwerk\/ueber-uns\/datenschutz\/","og_locale":"de_DE","og_type":"article","og_title":"Datenschutz | meintagwerk","og_description":"Liebe Tagwerker, Uns ist Datenschutz ein pers\u00f6nliches Anliegen. Wir m\u00f6chten, da\u00df Sie sich auf www.tagwerk.com sicher und wohl f\u00fchlen. Deshalb haben wir folgende Datenschutzrichtlinien f\u00fcr den Umgang der tagwerk IT und Media GmbH mit Ihren Daten entwickelt. UNSER DATENSCHUTZBEAUFTRAGTER Peter Christian Felst (Rechtsanwalt, Bankkaufmann) ist seit 1999 als Rechtsanwalt t\u00e4tig. Seine T\u00e4tigkeitsschwerpunkte liegen neben der [&hellip","og_url":"https:\/\/www.mein-tagwerk.de\/tagwerk\/ueber-uns\/datenschutz\/","og_site_name":"meintagwerk","article_modified_time":"2020-05-24T15:56:53+00:00","og_image":[{"url":"https:\/\/www.mein-tagwerk.de\/tagwerk\/wp-content\/uploads\/2020\/05\/PeterFelst.png"}],"twitter_card":"summary_large_image","twitter_misc":{"Gesch\u00e4tzte Lesezeit":"6\u00a0Minuten"},"schema":{"@context":"https:\/\/schema.org","@graph":[{"@type":"WebPage","@id":"https:\/\/www.mein-tagwerk.de\/tagwerk\/ueber-uns\/datenschutz\/","url":"https:\/\/www.mein-tagwerk.de\/tagwerk\/ueber-uns\/datenschutz\/","name":"Datenschutz | meintagwerk","isPartOf":{"@id":"https:\/\/www.mein-tagwerk.de\/tagwerk\/#website"},"datePublished":"2014-11-27T15:59:06+00:00","dateModified":"2020-05-24T15:56:53+00:00","breadcrumb":{"@id":"https:\/\/www.mein-tagwerk.de\/tagwerk\/ueber-uns\/datenschutz\/#breadcrumb"},"inLanguage":"de","potentialAction":[{"@type":"ReadAction","target":["https:\/\/www.mein-tagwerk.de\/tagwerk\/ueber-uns\/datenschutz\/"]}]},{"@type":"BreadcrumbList","@id":"https:\/\/www.mein-tagwerk.de\/tagwerk\/ueber-uns\/datenschutz\/#breadcrumb","itemListElement":[{"@type":"ListItem","position":1,"name":"Home","item":"https:\/\/www.mein-tagwerk.de\/tagwerk\/"},{"@type":"ListItem","position":2,"name":"\u00dcber uns","item":"https:\/\/www.mein-tagwerk.de\/tagwerk\/ueber-uns\/"},{"@type":"ListItem","position":3,"name":"Datenschutz"}]},{"@type":"WebSite","@id":"https:\/\/www.mein-tagwerk.de\/tagwerk\/#website","url":"https:\/\/www.mein-tagwerk.de\/tagwerk\/","name":"meintagwerk","description":"Online Buchhaltung f\u00fcr Freiberufler, Freelancer und Selbst\u00e4ndige","publisher":{"@id":"https:\/\/www.mein-tagwerk.de\/tagwerk\/#organization"},"potentialAction":[{"@type":"SearchAction","target":{"@type":"EntryPoint","urlTemplate":"https:\/\/www.mein-tagwerk.de\/tagwerk\/?s={search_term_string}"},"query-input":"required name=search_term_string"}],"inLanguage":"de"},{"@type":"Organization","@id":"https:\/\/www.mein-tagwerk.de\/tagwerk\/#organization","name":"tagwerk","url":"https:\/\/www.mein-tagwerk.de\/tagwerk\/","logo":{"@type":"ImageObject","inLanguage":"de","@id":"https:\/\/www.mein-tagwerk.de\/tagwerk\/#\/schema\/logo\/image\/","url":"https:\/\/www.mein-tagwerk.de\/tagwerk\/wp-content\/uploads\/2013\/08\/130611_logo-tagwerk-corporate.png","contentUrl":"https:\/\/www.mein-tagwerk.de\/tagwerk\/wp-content\/uploads\/2013\/08\/130611_logo-tagwerk-corporate.png","width":328,"height":140,"caption":"tagwerk"},"image":{"@id":"https:\/\/www.mein-tagwerk.de\/tagwerk\/#\/schema\/logo\/image\/"}}]}},"_links":{"self":[{"href":"https:\/\/www.mein-tagwerk.de\/tagwerk\/wp-json\/wp\/v2\/pages\/2469"}],"collection":[{"href":"https:\/\/www.mein-tagwerk.de\/tagwerk\/wp-json\/wp\/v2\/pages"}],"about":[{"href":"https:\/\/www.mein-tagwerk.de\/tagwerk\/wp-json\/wp\/v2\/types\/page"}],"author":[{"embeddable":true,"href":"https:\/\/www.mein-tagwerk.de\/tagwerk\/wp-json\/wp\/v2\/users\/2"}],"replies":[{"embeddable":true,"href":"https:\/\/www.mein-tagwerk.de\/tagwerk\/wp-json\/wp\/v2\/comments?post=2469"}],"version-history":[{"count":1,"href":"https:\/\/www.mein-tagwerk.de\/tagwerk\/wp-json\/wp\/v2\/pages\/2469\/revisions"}],"predecessor-version":[{"id":4933,"href":"https:\/\/www.mein-tagwerk.de\/tagwerk\/wp-json\/wp\/v2\/pages\/2469\/revisions\/4933"}],"up":[{"embeddable":true,"href":"https:\/\/www.mein-tagwerk.de\/tagwerk\/wp-json\/wp\/v2\/pages\/2577"}],"wp:attachment":[{"href":"https:\/\/www.mein-tagwerk.de\/tagwerk\/wp-json\/wp\/v2\/media?parent=2469"}],"curies":[{"name":"wp","href":"https:\/\/api.w.org\/{rel}","templated":true}]}}